{"id":933,"date":"2025-10-16T10:19:09","date_gmt":"2025-10-16T13:19:09","guid":{"rendered":"https:\/\/www.salavirtual.com.ar\/plataformaz\/?post_type=product&#038;p=933"},"modified":"2025-11-06T14:31:45","modified_gmt":"2025-11-06T17:31:45","slug":"curso-20-el-agua-nebulizada-como-agente-extintor","status":"publish","type":"product","link":"https:\/\/www.salavirtual.com.ar\/plataformaz\/producto\/curso-20-el-agua-nebulizada-como-agente-extintor\/","title":{"rendered":"CURSO #20: El Agua Nebulizada como Agente Extintor"},"content":{"rendered":"\r\n\r\n\r\n<p><span style=\"text-decoration: underline; color: #000000;\"><b id=\"yui_3_17_2_1_1760550068160_1494\">Objetivo<\/b><\/span><\/p>\r\n<p><span id=\"yui_3_17_2_1_1760620735097_1468\" style=\"color: #000000;\">Comprender todo lo relacionado al agua nebulizada como agente extintor de incendios.<\/span><\/p>\r\n<p id=\"yui_3_17_2_1_1760620735097_1471\" data-key=\"91\"><span style=\"text-decoration: underline; color: #000000;\"><span id=\"yui_3_17_2_1_1760620735097_1472\" data-key=\"92\"><span id=\"yui_3_17_2_1_1760620735097_1473\" data-offset-key=\"92:0\"><strong id=\"yui_3_17_2_1_1760620735097_1474\" data-slate-leaf=\"true\">Dirigido<\/strong><\/span><\/span><\/span><\/p>\r\n<p><span id=\"yui_3_17_2_1_1760620735097_1478\" style=\"color: #000000;\" data-key=\"94\"><span id=\"yui_3_17_2_1_1760620735097_1479\" data-offset-key=\"94:0\">Ingenieros\/Licenciados\/T\u00e9cnicos en Higiene y Seguridad en el Trabajo. Bomberos. Personal de Brigada Privadas de Emergencias. Personas relacionados e interesados en la tem\u00e1tica.<\/span><\/span><\/p>\r\n<p id=\"yui_3_17_2_1_1760620735097_1481\" data-key=\"95\"><span style=\"text-decoration: underline; color: #000000;\"><span id=\"yui_3_17_2_1_1760620735097_1482\" data-key=\"96\"><span id=\"yui_3_17_2_1_1760620735097_1483\" data-offset-key=\"96:0\"><strong id=\"yui_3_17_2_1_1760620735097_1484\" data-slate-leaf=\"true\">Requisitos<\/strong><\/span><\/span><\/span><\/p>\r\n<p><span id=\"yui_3_17_2_1_1760620735097_1488\" style=\"color: #000000;\" data-key=\"98\"><span id=\"yui_3_17_2_1_1760620735097_1489\" data-offset-key=\"98:0\"><span id=\"yui_3_17_2_1_1760618229185_1564\" data-key=\"114\"><span id=\"yui_3_17_2_1_1760618229185_1565\" data-offset-key=\"114:0\"><span id=\"yui_3_17_2_1_1760552487225_1446\" data-key=\"114\"><span id=\"yui_3_17_2_1_1760552487225_1447\" data-offset-key=\"114:0\">Conocimientos b\u00e1sicos sobre din\u00e1mica de los incendios.<\/span><\/span><\/span><\/span><\/span><\/span><\/p>\r\n<p><span style=\"color: #000000;\"><strong id=\"yui_3_17_2_1_1760620735097_1505\" data-slate-leaf=\"true\">Temario<\/strong><\/span><\/p>\r\n<ul>\r\n<li><span id=\"yui_3_17_2_1_1760620735097_1508\" style=\"color: #000000;\">\u00bfQu\u00e9 es el Agua Nebulizada?<\/span><\/li>\r\n<li><span id=\"yui_3_17_2_1_1760620735097_1510\" style=\"color: #000000;\">Tama\u00f1o de las Gotas<\/span><\/li>\r\n<li><span id=\"yui_3_17_2_1_1760620735097_1512\" style=\"color: #000000;\">El Efecto del Agua En Gotas<\/span><\/li>\r\n<li><span id=\"yui_3_17_2_1_1760620735097_1514\" style=\"color: #000000;\">Surgimiento del Agua Pulverizada<\/span><\/li>\r\n<li><span id=\"yui_3_17_2_1_1760620735097_1516\" style=\"color: #000000;\">Usos<\/span><\/li>\r\n<li><span id=\"yui_3_17_2_1_1760620735097_1518\" style=\"color: #000000;\">Ventajas<\/span><\/li>\r\n<li><span id=\"yui_3_17_2_1_1760620735097_1520\" style=\"color: #000000;\">Limitaciones<\/span><\/li>\r\n<li><span id=\"yui_3_17_2_1_1760620735097_1522\" style=\"color: #000000;\">Mecanismos de Extinci\u00f3n<\/span><\/li>\r\n<li><span id=\"yui_3_17_2_1_1760620735097_1524\" style=\"color: #000000;\">Extracci\u00f3n de Calor (Enfriamiento)<\/span><\/li>\r\n<li><span id=\"yui_3_17_2_1_1760620735097_1526\" style=\"color: #000000;\">Desplazamiento del Ox\u00edgeno<\/span><\/li>\r\n<li><span id=\"yui_3_17_2_1_1760620735097_1528\" style=\"color: #000000;\">Bloqueo del Calor Radiante<\/span><\/li>\r\n<li><span id=\"yui_3_17_2_1_1760620735097_1530\" style=\"color: #000000;\">Diluci\u00f3n de la Mezcla Vapor\/Aire<\/span><\/li>\r\n<li><span id=\"yui_3_17_2_1_1760620735097_1532\" style=\"color: #000000;\">Efectos Cin\u00e9ticos de la Nebulizaci\u00f3n Sobre las Llamas<\/span><\/li>\r\n<li><span id=\"yui_3_17_2_1_1760620735097_1534\" style=\"color: #000000;\">Efectos del Cerramiento<\/span><\/li>\r\n<li><span id=\"yui_3_17_2_1_1760620735097_1536\" style=\"color: #000000;\">Los Aditivos<\/span><\/li>\r\n<\/ul>\r\n<p id=\"yui_3_17_2_1_1760620735097_1557\" data-key=\"125\"><span style=\"text-decoration: underline; color: #000000;\"><strong id=\"yui_3_17_2_1_1760620735097_1558\" data-slate-leaf=\"true\">Docente<\/strong><\/span><\/p>\r\n<p><span id=\"yui_3_17_2_1_1760620735097_1562\" style=\"color: #000000;\" data-key=\"142\"><span id=\"yui_3_17_2_1_1760620735097_1563\" data-offset-key=\"142:0\">Ing. N\u00e9stor Adolfo BOTTA.<\/span><\/span><\/p>\r\n<p><span style=\"color: #000000;\"><span id=\"yui_3_17_2_1_1760620735097_1565\" data-key=\"144\"><span id=\"yui_3_17_2_1_1760620735097_1566\" data-offset-key=\"144:0\">Consultas a\u00a0<\/span><\/span><a id=\"yui_3_17_2_1_1760620735097_1567\" style=\"color: #000000;\" href=\"mailto:nestor.botta@redproteger.com.ar\" data-key=\"145\">nestor.botta@redproteger.com.ar<\/a><\/span><\/p>\r\n<p data-key=\"175\"><span style=\"text-decoration: underline; color: #000000;\"><strong data-slate-leaf=\"true\">Modalidad<\/strong><\/span><\/p>\r\n<p><span style=\"color: #000000;\">El curso es del tipo virtual a distancia asincr\u00f3nico. Se puede ingresar al sal\u00f3n virtual en el momento que el alumno disponga de tiempo. No hay limitaciones de tiempo dentro del plazo para la culminaci\u00f3n del curso.<\/span><\/p>\r\n<p><span style=\"color: #000000;\">\r\n\r\n<\/span><\/p>\r\n<p><span style=\"color: #000000;\">Se entrega material de lectura digital.<\/span><\/p>\r\n<p><span style=\"color: #000000;\">\r\n\r\n<\/span><\/p>\r\n<p><span style=\"color: #000000;\">Se emite certificado de aprobado digital cuando se cumplan todas las actividades con una nota mayor a 6\/10.<\/span><\/p>\r\n<p><span style=\"text-decoration: underline; color: #000000;\"><strong id=\"yui_3_17_2_1_1760535856882_1511\" data-slate-leaf=\"true\">Actividades<\/strong><\/span><\/p>\r\n<p><span id=\"yui_3_17_2_1_1760535856882_1516\" style=\"color: #000000;\" data-key=\"165\"><span id=\"yui_3_17_2_1_1760535856882_1517\" data-offset-key=\"165:0\">Se incluyen cinco (5) videos explicativos y cinco (5) cuestionarios evaluatorios.<\/span><\/span><\/p>\r\n<p><span style=\"text-decoration: underline; color: #000000;\"><strong>Duraci\u00f3n del Curso<\/strong><\/span><\/p>\r\n<p><span style=\"color: #000000;\">\r\n\r\n<\/span><\/p>\r\n<p><span style=\"color: #000000;\">Treinta (30) d\u00edas es el tiempo que permanece abierta el sal\u00f3n virtual.<\/span><\/p>\r\n<p><span style=\"color: #000000;\">\r\n\r\n\r\n\r\n\r\n\r\n\r\n\r\n<\/span><\/p>\r\n<p><span style=\"text-decoration: underline; color: #000000;\"><strong>Ingreso a la Sala Virtual<\/strong><\/span><\/p>\r\n<p><span style=\"color: #000000;\">\r\n\r\n<\/span><\/p>\r\n<p><span style=\"color: #000000;\">Una vez acreditado el pago, ser\u00e1 enviado en forma inmediata un email con las instrucciones y la clave de matriculaci\u00f3n para acceder a la Sala, para lo cual se deber\u00e1 realizar el registro en <a style=\"color: #000000;\" href=\"http:\/\/www.salavirtual.com.ar\">www.salavirtual.com.ar<\/a>.<\/span><\/p>\r\n<p><span style=\"color: #000000;\">\r\n\r\n<\/span><\/p>\r\n<p><span style=\"text-decoration: underline; color: #000000;\"><strong>Sobre la Facturaci\u00f3n<\/strong><\/span><\/p>\r\n<p><span style=\"color: #000000;\">\r\n\r\n<\/span><\/p>\r\n<p><span style=\"color: #000000;\">Se emite factura tipo \u00abC\u00bb.<\/span><\/p>\r\n<p><span style=\"color: #000000;\">\r\n\r\n\r\n\r\n\r\n\r\n<\/span><\/p>\r\n<p><span style=\"color: #000000;\">Opci\u00f3n de abonar en D\u00f3lares v\u00eda <strong><em>Paypal<\/em><\/strong> para los que no pueden abonar en pesos argentinos (solicitar link de pago a <a style=\"color: #000000;\" href=\"mailto:info@salavirtual.com.ar\">info@salavirtual.com.ar<\/a>).<\/span><\/p>\r\n","protected":false},"excerpt":{"rendered":"<p><span id=\"yui_3_17_2_1_1760620735097_1468\" style=\"color: #000000;\">Comprender todo lo relacionado al agua nebulizada como agente extintor de incendios.<\/span><\/p>\n","protected":false},"featured_media":934,"comment_status":"open","ping_status":"closed","template":"","meta":{"jetpack_publicize_message":"","jetpack_publicize_feature_enabled":true,"jetpack_social_post_already_shared":true,"jetpack_social_options":{"image_generator_settings":{"template":"highway","default_image_id":0,"font":"","enabled":false},"version":2}},"product_brand":[414],"product_cat":[383],"product_tag":[428,436,400,376],"class_list":{"0":"post-933","1":"product","2":"type-product","3":"status-publish","4":"has-post-thumbnail","6":"product_brand-redproteger","7":"product_cat-incendio","8":"product_tag-agua","9":"product_tag-agua-nebulizada","10":"product_tag-extincion","11":"product_tag-incendio","13":"first","14":"outofstock","15":"virtual","16":"sold-individually","17":"purchasable","18":"product-type-simple"},"jetpack_publicize_connections":[],"jetpack_sharing_enabled":true,"jetpack_likes_enabled":true,"_links":{"self":[{"href":"https:\/\/www.salavirtual.com.ar\/plataformaz\/wp-json\/wp\/v2\/product\/933","targetHints":{"allow":["GET"]}}],"collection":[{"href":"https:\/\/www.salavirtual.com.ar\/plataformaz\/wp-json\/wp\/v2\/product"}],"about":[{"href":"https:\/\/www.salavirtual.com.ar\/plataformaz\/wp-json\/wp\/v2\/types\/product"}],"replies":[{"embeddable":true,"href":"https:\/\/www.salavirtual.com.ar\/plataformaz\/wp-json\/wp\/v2\/comments?post=933"}],"wp:featuredmedia":[{"embeddable":true,"href":"https:\/\/www.salavirtual.com.ar\/plataformaz\/wp-json\/wp\/v2\/media\/934"}],"wp:attachment":[{"href":"https:\/\/www.salavirtual.com.ar\/plataformaz\/wp-json\/wp\/v2\/media?parent=933"}],"wp:term":[{"taxonomy":"product_brand","embeddable":true,"href":"https:\/\/www.salavirtual.com.ar\/plataformaz\/wp-json\/wp\/v2\/product_brand?post=933"},{"taxonomy":"product_cat","embeddable":true,"href":"https:\/\/www.salavirtual.com.ar\/plataformaz\/wp-json\/wp\/v2\/product_cat?post=933"},{"taxonomy":"product_tag","embeddable":true,"href":"https:\/\/www.salavirtual.com.ar\/plataformaz\/wp-json\/wp\/v2\/product_tag?post=933"}],"curies":[{"name":"wp","href":"https:\/\/api.w.org\/{rel}","templated":true}]}}