{"id":314,"date":"2024-09-03T13:25:43","date_gmt":"2024-09-03T16:25:43","guid":{"rendered":"https:\/\/www.salavirtual.com.ar\/plataformaz\/?post_type=product&#038;p=314"},"modified":"2026-02-12T13:30:57","modified_gmt":"2026-02-12T16:30:57","slug":"curso-22-introduccion-a-la-gestion-de-riesgos","status":"publish","type":"product","link":"https:\/\/www.salavirtual.com.ar\/plataformaz\/producto\/curso-22-introduccion-a-la-gestion-de-riesgos\/","title":{"rendered":"CURSO #22: Introducci\u00f3n a la Gesti\u00f3n de Riesgos"},"content":{"rendered":"\r\n\r\n\r\n<p><span style=\"text-decoration: underline; color: #000000;\"><strong>Objetivo<\/strong><\/span><\/p>\r\n<p><span style=\"color: #000000;\">\r\n\r\n<\/span><\/p>\r\n<p><span style=\"color: #000000;\">Comprender los aspectos te\u00f3ricos b\u00e1sicos detr\u00e1s del proceso de gesti\u00f3n de riesgo. Comprender el proceso de gesti\u00f3n de riesgos, sus pasos y el m\u00e9todo de la matriz de riesgo.<\/span><\/p>\r\n<p><span style=\"color: #000000;\">\r\n\r\n<\/span><\/p>\r\n<p><span style=\"text-decoration: underline; color: #000000;\"><strong>Metodolog\u00eda<\/strong><\/span><\/p>\r\n<p><span style=\"color: #000000;\">\r\n\r\n<\/span><\/p>\r\n<p><span style=\"color: #000000;\">El curso est\u00e1 dividido en diecis\u00e9is (16) m\u00f3dulos. Cada m\u00f3dulo trata un s\u00f3lo concepto de forma tal que progresivamente se pueda ir construyendo una idea del tema, adem\u00e1s, de poder ir progresando en el curso de a etapas cortas.<\/span><\/p>\r\n<p><span style=\"color: #000000;\">\r\n\r\n<\/span><\/p>\r\n<p><span style=\"color: #000000;\">Cada tema tiene una evaluaci\u00f3n, que se puede hacer hasta tres (3) veces, como condici\u00f3n para acceder al tema siguiente.<\/span><\/p>\r\n<p><span style=\"color: #000000;\">\r\n\r\n<\/span><\/p>\r\n<p><span style=\"color: #000000;\">Est\u00e1n previstos trece (13) cuestionarios y siete (7) trabajos pr\u00e1cticos.<\/span><\/p>\r\n<p><span style=\"color: #000000;\">\r\n\r\n<\/span><\/p>\r\n<p><span style=\"color: #000000;\">Cada actividad se debe aprobar con 6\/10. Se debe aprobar cada cuestionario para acceder el m\u00f3dulo siguiente y\/o entregar el trabajo pr\u00e1ctico previsto, seg\u00fan la programaci\u00f3n de cada m\u00f3dulo.<\/span><\/p>\r\n<p><span style=\"color: #000000;\">\r\n\r\n<\/span><\/p>\r\n<p><span style=\"text-decoration: underline; color: #000000;\"><strong>Dirigido<\/strong><\/span><\/p>\r\n<p><span style=\"color: #000000;\">\r\n\r\n<\/span><\/p>\r\n<p><span style=\"color: #000000;\">Ingenieros\/Licenciados\/t\u00e9cnicos en Higiene y Seguridad en el Trabajo. Profesionales dedicados al medio ambiente. Profesionales relacionados e interesados en la tem\u00e1tica.<\/span><\/p>\r\n<p><span style=\"color: #000000;\">\r\n\r\n<\/span><\/p>\r\n<p><span style=\"text-decoration: underline; color: #000000;\"><strong>Requisitos<\/strong><\/span><\/p>\r\n<p><span style=\"color: #000000;\">\r\n\r\n<\/span><\/p>\r\n<p><span style=\"color: #000000;\">Ninguno.<\/span><\/p>\r\n<p><span style=\"color: #000000;\">\r\n\r\n<\/span><\/p>\r\n<p><span style=\"text-decoration: underline; color: #000000;\"><strong>Duraci\u00f3n del Curso<\/strong><\/span><\/p>\r\n<p><span style=\"color: #000000;\">\r\n\r\n<\/span><\/p>\r\n<p><span style=\"color: #000000;\">Sesenta (60) d\u00edas es el tiempo que permanece abierta el sal\u00f3n virtual.<\/span><\/p>\r\n<p><span style=\"color: #000000;\">\r\n\r\n<\/span><\/p>\r\n<p><span style=\"text-decoration: underline; color: #000000;\"><strong>Temario<\/strong><\/span><\/p>\r\n<p><span style=\"color: #000000;\">\r\n\r\n<\/span><\/p>\r\n<ul class=\"wp-block-list\">\r\n<li><span style=\"color: #000000;\">\u00bfQu\u00e9 es el Peligro?<\/span><\/li>\r\n\r\n\r\n\r\n<li><span style=\"color: #000000;\">La Amenaza<\/span><\/li>\r\n\r\n\r\n\r\n<li><span style=\"color: #000000;\">El Da\u00f1o<\/span><\/li>\r\n\r\n\r\n\r\n<li><span style=\"color: #000000;\">Caracterizaci\u00f3n de los Peligrosa<\/span><\/li>\r\n\r\n\r\n\r\n<li><span style=\"color: #000000;\">El Riesgo<\/span><\/li>\r\n\r\n\r\n\r\n<li><span style=\"color: #000000;\">Riesgo Objetivo<\/span><\/li>\r\n\r\n\r\n\r\n<li><span style=\"color: #000000;\">Riesgo Subjetivo<\/span><\/li>\r\n\r\n\r\n\r\n<li><span style=\"color: #000000;\">Relaci\u00f3n entre Peligro y Riesgo<\/span><\/li>\r\n\r\n\r\n\r\n<li><span style=\"color: #000000;\">Los Ejes de Acci\u00f3n de la Seguridad<\/span><\/li>\r\n\r\n\r\n\r\n<li><span style=\"color: #000000;\">Protecci\u00f3n<\/span><\/li>\r\n\r\n\r\n\r\n<li><span style=\"color: #000000;\">Prevenci\u00f3n<\/span><\/li>\r\n\r\n\r\n\r\n<li><span style=\"color: #000000;\">Mitigaci\u00f3n<\/span><\/li>\r\n\r\n\r\n\r\n<li><span style=\"color: #000000;\">Control<\/span><\/li>\r\n\r\n\r\n\r\n<li><span style=\"color: #000000;\">Modelo Elemental<\/span><\/li>\r\n\r\n\r\n\r\n<li><span style=\"color: #000000;\">Riesgo L\u00edmite o Aceptable<\/span><\/li>\r\n\r\n\r\n\r\n<li><span style=\"color: #000000;\">Introducci\u00f3n a la Gesti\u00f3n de Riesgos<\/span><\/li>\r\n\r\n\r\n\r\n<li><span style=\"color: #000000;\">Identificaci\u00f3n de los Peligros<\/span><\/li>\r\n\r\n\r\n\r\n<li><span style=\"color: #000000;\">C\u00e1lculo del Riesgo Real<\/span><\/li>\r\n\r\n\r\n\r\n<li><span style=\"color: #000000;\">Matriz de Riesgo. Aceptabilidad del Riesgo<\/span><\/li>\r\n\r\n\r\n\r\n<li><span style=\"color: #000000;\">Tratamiento. Seguimiento y Revisi\u00f3n<\/span><\/li>\r\n<\/ul>\r\n<p><span style=\"color: #000000;\">\r\n\r\n<\/span><\/p>\r\n<p><span style=\"text-decoration: underline; color: #000000;\"><strong>Docente y Moderador de la Sala<\/strong><\/span><\/p>\r\n<p><span style=\"color: #000000;\">\r\n\r\n<\/span><\/p>\r\n<p><span style=\"color: #000000;\">Ing. N\u00e9stor Adolfo BOTTA.<\/span><\/p>\r\n<p><span style=\"color: #000000;\">\r\n\r\n<\/span><\/p>\r\n<p><span style=\"color: #000000;\">Consultas a\u00a0<a style=\"color: #000000;\" href=\"mailto:nestor.botta@redproteger.com.ar\" target=\"_blank\" rel=\"noreferrer noopener\">nestor.botta@redproteger.com.ar<\/a><\/span><\/p>\r\n<p><span style=\"color: #000000;\">\r\n\r\n<\/span><\/p>\r\n<p><span style=\"text-decoration: underline; color: #000000;\"><strong>Modalidad<\/strong><\/span><\/p>\r\n<p><span style=\"color: #000000;\">\r\n\r\n<\/span><\/p>\r\n<p><span style=\"color: #000000;\">El curso es del tipo virtual a distancia asincr\u00f3nico. Se puede ingresar al sal\u00f3n virtual en el momento que el alumno disponga de tiempo. No hay limitaciones de tiempo dentro del plazo para la culminaci\u00f3n del curso.<\/span><\/p>\r\n<p><span style=\"color: #000000;\">\r\n\r\n<\/span><\/p>\r\n<p><span style=\"color: #000000;\">Se entrega material de lectura digital.<\/span><\/p>\r\n<p><span style=\"color: #000000;\">\r\n\r\n<\/span><\/p>\r\n<p><span style=\"color: #000000;\">Se emite certificado de aprobado digital cuando se cumplan todas las actividades con una nota mayor a 6\/10.<\/span><\/p>\r\n<p><span style=\"color: #000000;\">\r\n\r\n<\/span><\/p>\r\n<p><span style=\"text-decoration: underline; color: #000000;\"><strong>Ingreso a la Sala Virtual<\/strong><\/span><\/p>\r\n<p><span style=\"color: #000000;\">\r\n\r\n<\/span><\/p>\r\n<p><span style=\"color: #000000;\">Una vez acreditado el pago, ser\u00e1 enviado en forma inmediata un email con las instrucciones y la clave de matriculaci\u00f3n para acceder a la Sala, para lo cual se deber\u00e1 realizar el registro en <a style=\"color: #000000;\" href=\"http:\/\/www.salavirtual.com.ar\">www.salavirtual.com.ar<\/a>.<\/span><\/p>\r\n<p><span style=\"color: #000000;\">\r\n\r\n<\/span><\/p>\r\n<p><span style=\"text-decoration: underline; color: #000000;\"><strong>Sobre la Facturaci\u00f3n<\/strong><\/span><\/p>\r\n<p><span style=\"color: #000000;\">\r\n\r\n<\/span><\/p>\r\n<p><span style=\"color: #000000;\">Se emite factura tipo \u00abC\u00bb.<\/span><\/p>\r\n<p><span style=\"color: #000000;\">\r\n\r\n<\/span><\/p>\r\n<p><span style=\"color: #000000;\">Opci\u00f3n de abonar en D\u00f3lares v\u00eda <strong><em>Paypal<\/em><\/strong> para los que no pueden abonar en pesos argentinos (solicitar link de pago a <a style=\"color: #000000;\" href=\"mailto:info@salavirtual.com.ar\">info@salavirtual.com.ar<\/a>).<\/span><\/p>\r\n","protected":false},"excerpt":{"rendered":"<p><span style=\"color: #000000;\">Comprender los aspectos te\u00f3ricos b\u00e1sicos detr\u00e1s del proceso de gesti\u00f3n de riesgo. Comprender el proceso de gesti\u00f3n de riesgos, sus pasos y el m\u00e9todo de la matriz de riesgo.<\/span><\/p>\n","protected":false},"featured_media":1146,"comment_status":"open","ping_status":"closed","template":"","meta":{"jetpack_publicize_message":"","jetpack_publicize_feature_enabled":true,"jetpack_social_post_already_shared":true,"jetpack_social_options":{"image_generator_settings":{"template":"highway","default_image_id":0,"font":"","enabled":false},"version":2}},"product_brand":[414],"product_cat":[384],"product_tag":[387,385,386],"class_list":{"0":"post-314","1":"product","2":"type-product","3":"status-publish","4":"has-post-thumbnail","6":"product_brand-redproteger","7":"product_cat-gestion-de-riesgos","8":"product_tag-gestion-riesgo","9":"product_tag-peligro","10":"product_tag-riesgo","12":"first","13":"instock","14":"virtual","15":"sold-individually","16":"purchasable","17":"product-type-simple"},"jetpack_publicize_connections":[],"jetpack_sharing_enabled":true,"jetpack_likes_enabled":true,"_links":{"self":[{"href":"https:\/\/www.salavirtual.com.ar\/plataformaz\/wp-json\/wp\/v2\/product\/314","targetHints":{"allow":["GET"]}}],"collection":[{"href":"https:\/\/www.salavirtual.com.ar\/plataformaz\/wp-json\/wp\/v2\/product"}],"about":[{"href":"https:\/\/www.salavirtual.com.ar\/plataformaz\/wp-json\/wp\/v2\/types\/product"}],"replies":[{"embeddable":true,"href":"https:\/\/www.salavirtual.com.ar\/plataformaz\/wp-json\/wp\/v2\/comments?post=314"}],"wp:featuredmedia":[{"embeddable":true,"href":"https:\/\/www.salavirtual.com.ar\/plataformaz\/wp-json\/wp\/v2\/media\/1146"}],"wp:attachment":[{"href":"https:\/\/www.salavirtual.com.ar\/plataformaz\/wp-json\/wp\/v2\/media?parent=314"}],"wp:term":[{"taxonomy":"product_brand","embeddable":true,"href":"https:\/\/www.salavirtual.com.ar\/plataformaz\/wp-json\/wp\/v2\/product_brand?post=314"},{"taxonomy":"product_cat","embeddable":true,"href":"https:\/\/www.salavirtual.com.ar\/plataformaz\/wp-json\/wp\/v2\/product_cat?post=314"},{"taxonomy":"product_tag","embeddable":true,"href":"https:\/\/www.salavirtual.com.ar\/plataformaz\/wp-json\/wp\/v2\/product_tag?post=314"}],"curies":[{"name":"wp","href":"https:\/\/api.w.org\/{rel}","templated":true}]}}