{"id":285,"date":"2024-08-28T12:22:06","date_gmt":"2024-08-28T15:22:06","guid":{"rendered":"https:\/\/www.salavirtual.com.ar\/plataformaz\/?post_type=product&#038;p=285"},"modified":"2026-02-12T14:17:27","modified_gmt":"2026-02-12T17:17:27","slug":"curso-plan-de-emergencia-y-evacuacion-en-areas-laborales","status":"publish","type":"product","link":"https:\/\/www.salavirtual.com.ar\/plataformaz\/producto\/curso-plan-de-emergencia-y-evacuacion-en-areas-laborales\/","title":{"rendered":"CURSO #07: Plan de Emergencia y Evacuaci\u00f3n en \u00c1reas Laborales"},"content":{"rendered":"\r\n\r\n\r\n<p><span style=\"text-decoration: underline; color: #000000;\"><strong>Objetivo<\/strong><\/span><\/p>\r\n<p><span style=\"color: #000000;\">\r\n\r\n<\/span><\/p>\r\n<p><span style=\"color: #000000;\">El curso tiene por objetivo comprender la teor\u00eda detr\u00e1s de los planes de emergencia y evacuaci\u00f3n, sus partes y c\u00f3mo se relacionan. El objetivo no s\u00f3lo es ense\u00f1ar a c\u00f3mo escribir un Plan de Emergencias y\/o Evacuaci\u00f3n, sino a pensar estrat\u00e9gicamente en los mismo.<\/span><\/p>\r\n<p><span style=\"color: #000000;\">\r\n\r\n<\/span><\/p>\r\n<p><span style=\"text-decoration: underline; color: #000000;\"><strong>Metodolog\u00eda<\/strong><\/span><\/p>\r\n<p><span style=\"color: #000000;\">\r\n\r\n<\/span><\/p>\r\n<p><span style=\"color: #000000;\">El curso est\u00e1 dividido en veinte (20) m\u00f3dulos. Cada m\u00f3dulo trata un s\u00f3lo concepto de forma tal que progresivamente se pueda ir construyendo una idea del tema, adem\u00e1s, de poder ir progresando en el curso de a etapas cortas.<\/span><\/p>\r\n<p><span style=\"color: #000000;\">\r\n\r\n<\/span><\/p>\r\n<p><span style=\"color: #000000;\">Est\u00e1n previstos once (11) trabajos pr\u00e1cticos.<\/span><\/p>\r\n<p><span style=\"color: #000000;\">\r\n\r\n<\/span><\/p>\r\n<p><span style=\"color: #000000;\">Cada tema tiene una evaluaci\u00f3n, que se puede hacer varias veces hasta aprobar, como condici\u00f3n para acceder al tema siguiente.<\/span><\/p>\r\n<p><span style=\"color: #000000;\">\r\n\r\n<\/span><\/p>\r\n<p><span style=\"color: #000000;\">Se debe aprobar cada cuestionario para acceder el m\u00f3dulo siguiente y\/o entregar el trabajo pr\u00e1ctico previsto, seg\u00fan la programaci\u00f3n de cada m\u00f3dulo.<\/span><\/p>\r\n<p><span style=\"color: #000000;\">\r\n\r\n<\/span><\/p>\r\n<p><span style=\"color: #000000;\">Cada actividad se debe aprobar con 6\/10.<\/span><\/p>\r\n<p><span style=\"color: #000000;\">\r\n\r\n<\/span><\/p>\r\n<p><span style=\"text-decoration: underline; color: #000000;\"><strong>Dirigido<\/strong><\/span><\/p>\r\n<p><span style=\"color: #000000;\">\r\n\r\n<\/span><\/p>\r\n<p><span style=\"color: #000000;\">Ingenieros\/Licenciados\/T\u00e9cnicos en Higiene y Seguridad en el Trabajo. Profesionales relacionados e interesados en la tem\u00e1tica.<\/span><\/p>\r\n<p><span style=\"color: #000000;\">\r\n\r\n<\/span><\/p>\r\n<p><span style=\"text-decoration: underline; color: #000000;\"><strong>Requisitos<\/strong><\/span><\/p>\r\n<p><span style=\"color: #000000;\">\r\n\r\n<\/span><\/p>\r\n<p><span style=\"color: #000000;\">Ninguno en particular.<\/span><\/p>\r\n<p><span style=\"color: #000000;\">\r\n\r\n<\/span><\/p>\r\n<p><span style=\"text-decoration: underline; color: #000000;\"><strong>Duraci\u00f3n del Curso<\/strong><\/span><\/p>\r\n<p><span style=\"color: #000000;\">\r\n\r\n<\/span><\/p>\r\n<p><span style=\"color: #000000;\">Noventa (90) d\u00edas es el tiempo que permanece abierta el sal\u00f3n virtual.<\/span><\/p>\r\n<p><span style=\"color: #000000;\">\r\n\r\n<\/span><\/p>\r\n<p><span style=\"text-decoration: underline; color: #000000;\"><strong>Temario<\/strong><\/span><\/p>\r\n<p><span style=\"color: #000000;\">\r\n\r\n<\/span><\/p>\r\n<ul class=\"wp-block-list\">\r\n<li><span style=\"color: #000000;\">An\u00e1lisis de Grandes Emergencias.<\/span><\/li>\r\n\r\n\r\n\r\n<li><span style=\"color: #000000;\">Introducci\u00f3n a los Planes de Emergencia y Evacuaci\u00f3n<\/span><\/li>\r\n\r\n\r\n\r\n<li><span style=\"color: #000000;\">\u00bfQu\u00e9 es la Mitigaci\u00f3n?<\/span><\/li>\r\n\r\n\r\n\r\n<li><span style=\"color: #000000;\">Relaci\u00f3n entre el Plan de Emergencia y el Plan de Evacuaci\u00f3n<\/span><\/li>\r\n\r\n\r\n\r\n<li><span style=\"color: #000000;\">\u00bfQu\u00e9 es un Plan?<\/span><\/li>\r\n\r\n\r\n\r\n<li><span style=\"color: #000000;\">\u00bfQu\u00e9 es un Plan de Emergencias y Evacuaci\u00f3n?<\/span><\/li>\r\n\r\n\r\n\r\n<li><span style=\"color: #000000;\">Estructura del Plan de Emergencias y Evacuaci\u00f3n<\/span><\/li>\r\n\r\n\r\n\r\n<li><span style=\"color: #000000;\">Etapas de Ejecuci\u00f3n de un Plan<\/span><\/li>\r\n\r\n\r\n\r\n<li><span style=\"color: #000000;\">El Tiempo Disponible para la Evacuaci\u00f3n<\/span><\/li>\r\n\r\n\r\n\r\n<li><span style=\"color: #000000;\">El Procedimiento de Evacuaci\u00f3n<\/span><\/li>\r\n\r\n\r\n\r\n<li><span style=\"color: #000000;\">Optimizaci\u00f3n del Proceso de Evacuaci\u00f3n<\/span><\/li>\r\n\r\n\r\n\r\n<li><span style=\"color: #000000;\">La Ruta de Escape<\/span><\/li>\r\n\r\n\r\n\r\n<li><span style=\"color: #000000;\">Los L\u00edderes de Evacuaci\u00f3n<\/span><\/li>\r\n\r\n\r\n\r\n<li><span style=\"color: #000000;\">Pasos Orientativos para el Dise\u00f1o del Plan de Evacuaci\u00f3n<\/span><\/li>\r\n\r\n\r\n\r\n<li><span style=\"color: #000000;\">Parte Administrativa del Plan de Emergencias<\/span><\/li>\r\n\r\n\r\n\r\n<li><span style=\"color: #000000;\">Detecci\u00f3n de Emergencias<\/span><\/li>\r\n\r\n\r\n\r\n<li><span style=\"color: #000000;\">\u00bfC\u00f3mo Establecer Prioridades?<\/span><\/li>\r\n\r\n\r\n\r\n<li><span style=\"color: #000000;\">Etapa Operativa del Plan de Emergencias<\/span><\/li>\r\n\r\n\r\n\r\n<li><span style=\"color: #000000;\">Plan de Ayuda Mutua<\/span><\/li>\r\n\r\n\r\n\r\n<li><span style=\"color: #000000;\">Aspectos Legales<\/span><\/li>\r\n\r\n\r\n\r\n<li><span style=\"color: #000000;\">El Simulacro.<\/span><\/li>\r\n<\/ul>\r\n<p><span style=\"color: #000000;\">\r\n\r\n<\/span><\/p>\r\n<p><span style=\"text-decoration: underline; color: #000000;\"><strong>Docente y Moderador de la Sala<\/strong><\/span><\/p>\r\n<p><span style=\"color: #000000;\">\r\n\r\n<\/span><\/p>\r\n<p><span style=\"color: #000000;\">Ing. N\u00e9stor Adolfo BOTTA.<\/span><\/p>\r\n<p><span style=\"color: #000000;\">\r\n\r\n<\/span><\/p>\r\n<p><span style=\"color: #000000;\">Consultas a\u00a0<a style=\"color: #000000;\" href=\"mailto:nestor.botta@redproteger.com.ar\" target=\"_blank\" rel=\"noreferrer noopener\">nestor.botta@redproteger.com.ar<\/a><\/span><\/p>\r\n<p><span style=\"color: #000000;\">\r\n\r\n<\/span><\/p>\r\n<p><span style=\"text-decoration: underline; color: #000000;\"><strong>Modalidad<\/strong><\/span><\/p>\r\n<p><span style=\"color: #000000;\">\r\n\r\n<\/span><\/p>\r\n<p><span style=\"color: #000000;\">El curso es del tipo virtual a distancia asincr\u00f3nico. Se puede ingresar al sal\u00f3n virtual en el momento que el alumno disponga de tiempo. No hay limitaciones de tiempo dentro del plazo para la culminaci\u00f3n del curso.<\/span><\/p>\r\n<p><span style=\"color: #000000;\">\r\n\r\n<\/span><\/p>\r\n<p><span style=\"color: #000000;\">Se entrega material de lectura digital.<\/span><\/p>\r\n<p><span style=\"color: #000000;\">\r\n\r\n<\/span><\/p>\r\n<p><span style=\"color: #000000;\">Se emite certificado de aprobado digital cuando se cumplan todas las actividades con una nota mayor a 6\/10.<\/span><\/p>\r\n<p><span style=\"color: #000000;\">\r\n\r\n<\/span><\/p>\r\n<p><span style=\"text-decoration: underline; color: #000000;\"><strong>Ingreso a la Sala Virtual<\/strong><\/span><\/p>\r\n<p><span style=\"color: #000000;\">\r\n\r\n<\/span><\/p>\r\n<p><span style=\"color: #000000;\">Una vez acreditado el pago, ser\u00e1 enviado en forma inmediata un email con las instrucciones y la clave de matriculaci\u00f3n para acceder a la Sala, para lo cual se deber\u00e1 realizar el registro en <a style=\"color: #000000;\" href=\"http:\/\/www.salavirtual.com.ar\">www.salavirtual.com.ar<\/a>.<\/span><\/p>\r\n<p><span style=\"color: #000000;\">\r\n\r\n<\/span><\/p>\r\n<p><span style=\"text-decoration: underline; color: #000000;\"><strong>Sobre la Facturaci\u00f3n<\/strong><\/span><\/p>\r\n<p><span style=\"color: #000000;\">\r\n\r\n<\/span><\/p>\r\n<p><span style=\"color: #000000;\">Se emite factura tipo \u00abC\u00bb.<\/span><\/p>\r\n<p><span style=\"color: #000000;\">\r\n\r\n<\/span><\/p>\r\n<p><span style=\"color: #000000;\">Opci\u00f3n de abonar en D\u00f3lares v\u00eda <strong><em>Paypal<\/em><\/strong> para los que no pueden abonar en pesos argentinos (solicitar link de pago a <a style=\"color: #000000;\" href=\"mailto:info@salavirtual.com.ar\">info@salavirtual.com.ar<\/a>).<\/span><\/p>\r\n","protected":false},"excerpt":{"rendered":"<p><span style=\"color: #000000;\">El curso tiene por objetivo comprender la teor\u00eda detr\u00e1s de los planes de emergencia y evacuaci\u00f3n, sus partes y c\u00f3mo se relacionan. El objetivo no s\u00f3lo es ense\u00f1ar a c\u00f3mo escribir un Plan de Emergencias y\/o Evacuaci\u00f3n, sino a pensar estrat\u00e9gicamente en los mismo.<\/span><\/p>\n","protected":false},"featured_media":1158,"comment_status":"open","ping_status":"closed","template":"","meta":{"jetpack_publicize_message":"","jetpack_publicize_feature_enabled":true,"jetpack_social_post_already_shared":true,"jetpack_social_options":{"image_generator_settings":{"template":"highway","default_image_id":0,"font":"","enabled":false},"version":2}},"product_brand":[414],"product_cat":[364],"product_tag":[367,365,374],"class_list":{"0":"post-285","1":"product","2":"type-product","3":"status-publish","4":"has-post-thumbnail","6":"product_brand-redproteger","7":"product_cat-emergencia-y-evacuacion","8":"product_tag-emergencia","9":"product_tag-evacuacion","10":"product_tag-plan","12":"first","13":"instock","14":"virtual","15":"sold-individually","16":"purchasable","17":"product-type-simple"},"jetpack_publicize_connections":[],"jetpack_sharing_enabled":true,"jetpack_likes_enabled":true,"_links":{"self":[{"href":"https:\/\/www.salavirtual.com.ar\/plataformaz\/wp-json\/wp\/v2\/product\/285","targetHints":{"allow":["GET"]}}],"collection":[{"href":"https:\/\/www.salavirtual.com.ar\/plataformaz\/wp-json\/wp\/v2\/product"}],"about":[{"href":"https:\/\/www.salavirtual.com.ar\/plataformaz\/wp-json\/wp\/v2\/types\/product"}],"replies":[{"embeddable":true,"href":"https:\/\/www.salavirtual.com.ar\/plataformaz\/wp-json\/wp\/v2\/comments?post=285"}],"wp:featuredmedia":[{"embeddable":true,"href":"https:\/\/www.salavirtual.com.ar\/plataformaz\/wp-json\/wp\/v2\/media\/1158"}],"wp:attachment":[{"href":"https:\/\/www.salavirtual.com.ar\/plataformaz\/wp-json\/wp\/v2\/media?parent=285"}],"wp:term":[{"taxonomy":"product_brand","embeddable":true,"href":"https:\/\/www.salavirtual.com.ar\/plataformaz\/wp-json\/wp\/v2\/product_brand?post=285"},{"taxonomy":"product_cat","embeddable":true,"href":"https:\/\/www.salavirtual.com.ar\/plataformaz\/wp-json\/wp\/v2\/product_cat?post=285"},{"taxonomy":"product_tag","embeddable":true,"href":"https:\/\/www.salavirtual.com.ar\/plataformaz\/wp-json\/wp\/v2\/product_tag?post=285"}],"curies":[{"name":"wp","href":"https:\/\/api.w.org\/{rel}","templated":true}]}}