{"id":1083,"date":"2026-01-14T14:38:08","date_gmt":"2026-01-14T17:38:08","guid":{"rendered":"https:\/\/www.salavirtual.com.ar\/plataformaz\/?post_type=product&#038;p=1083"},"modified":"2026-02-14T23:48:38","modified_gmt":"2026-02-15T02:48:38","slug":"curso-37-analisis-decreto-351-79-higiene-y-seguridad-en-el-trabajo-capitulos-1-al-7","status":"publish","type":"product","link":"https:\/\/www.salavirtual.com.ar\/plataformaz\/producto\/curso-37-analisis-decreto-351-79-higiene-y-seguridad-en-el-trabajo-capitulos-1-al-7\/","title":{"rendered":"CURSO #37: An\u00e1lisis Decreto 351\/79 Higiene y Seguridad en el Trabajo. Cap\u00edtulos 1 al 7"},"content":{"rendered":"<p><span style=\"text-decoration: underline; color: #000000;\"><strong>Objetivo<\/strong><\/span><\/p>\r\n<p><span style=\"color: #000000;\"><!-- \/wp:post-content -->\r\n\r\n<!-- wp:paragraph --><\/span><\/p>\r\n<p><span style=\"color: #000000;\">El curso tiene por objetivo que el alumno comprenda el decreto 351\/79 (cap\u00edtulos 1 al 7) reglamentario de la ley nacional de higiene y seguridad en el trabajo Ley 19.587 de la Rep\u00fablica Argentina.<\/span><\/p>\r\n<p><span style=\"color: #000000;\"><!-- \/wp:paragraph -->\r\n\r\n<!-- wp:paragraph --><\/span><\/p>\r\n<p><span style=\"text-decoration: underline; color: #000000;\"><strong>Metodolog\u00eda<\/strong><\/span><\/p>\r\n<p><span style=\"color: #000000;\"><!-- \/wp:paragraph -->\r\n\r\n<!-- wp:paragraph --><\/span><\/p>\r\n<p><span style=\"color: #000000;\">El curso est\u00e1 dividido en quince (15) cuestionarios. Cada cuestionario trata un s\u00f3lo concepto de forma tal que progresivamente se pueda ir construyendo una idea del tema, adem\u00e1s, de poder ir progresando en el curso de a etapas cortas.<\/span><\/p>\r\n<p><span style=\"color: #000000;\"><!-- \/wp:paragraph -->\r\n\r\n<!-- wp:paragraph --><\/span><\/p>\r\n<p><span style=\"color: #000000;\">Cada tema tiene una evaluaci\u00f3n, que se puede hacer varias veces hasta aprobar, como condici\u00f3n para acceder al tema siguiente.<\/span><\/p>\r\n<p><span style=\"color: #000000;\"><!-- \/wp:paragraph -->\r\n\r\n<!-- wp:paragraph --><\/span><\/p>\r\n<p><span style=\"color: #000000;\">Est\u00e1n previstos tres (3) trabajos pr\u00e1cticos.<\/span><\/p>\r\n<p><span style=\"color: #000000;\"><!-- \/wp:paragraph -->\r\n\r\n<!-- wp:paragraph --><\/span><\/p>\r\n<p><span style=\"color: #000000;\">Cada actividad se debe aprobar con 6\/10.<\/span><\/p>\r\n<p><span style=\"color: #000000;\"><!-- \/wp:paragraph -->\r\n\r\n<!-- wp:paragraph --><\/span><\/p>\r\n<p><span style=\"text-decoration: underline; color: #000000;\"><strong>Dirigido<\/strong><\/span><\/p>\r\n<p><span style=\"color: #000000;\">Ingenieros\/Licenciados\/t\u00e9cnicos en Higiene y Seguridad en el Trabajo. Profesionales relacionados e interesados en la tem\u00e1tica.<\/span><\/p>\r\n<p><span style=\"color: #000000;\"><!-- \/wp:paragraph -->\r\n\r\n<!-- wp:paragraph --><\/span><\/p>\r\n<p><span style=\"text-decoration: underline; color: #000000;\"><strong>Requisitos<\/strong><\/span><\/p>\r\n<p><span style=\"color: #000000;\"><!-- \/wp:paragraph -->\r\n\r\n<!-- wp:paragraph --><\/span><\/p>\r\n<p><span style=\"color: #000000;\">Ninguno.<\/span><\/p>\r\n<p><span style=\"color: #000000;\"><!-- \/wp:paragraph -->\r\n\r\n<!-- wp:paragraph --><\/span><\/p>\r\n<p><span style=\"text-decoration: underline; color: #000000;\"><strong>Duraci\u00f3n del Curso<\/strong><\/span><\/p>\r\n<p><span style=\"color: #000000;\"><!-- \/wp:paragraph -->\r\n\r\n<!-- wp:paragraph --><\/span><\/p>\r\n<p><span style=\"color: #000000;\">Sesenta (60) d\u00edas es el tiempo que permanece abierta el sal\u00f3n virtual.<\/span><\/p>\r\n<p><span style=\"color: #000000;\"><!-- \/wp:paragraph -->\r\n\r\n<!-- wp:paragraph --><\/span><\/p>\r\n<p><span style=\"text-decoration: underline; color: #000000;\"><strong>Temario<\/strong><\/span><\/p>\r\n<ul class=\"wp-block-list\"><!-- \/wp:paragraph -->\r\n\r\n<!-- wp:list-item -->\r\n<li id=\"yui_3_17_2_1_1768412323978_23241\"><span id=\"yui_3_17_2_1_1768412323978_23244\" style=\"color: #000000;\">Bolet\u00edn Oficial de la Rep\u00fablica Argentina<\/span><\/li>\r\n<li id=\"yui_3_17_2_1_1768412323978_23245\"><span id=\"yui_3_17_2_1_1768412323978_23246\" style=\"color: #000000;\">Infoleg<\/span><\/li>\r\n<li id=\"yui_3_17_2_1_1768412323978_23247\"><span id=\"yui_3_17_2_1_1768412323978_23248\" style=\"color: #000000;\">Prelaci\u00f3n Normativa<\/span><\/li>\r\n<li id=\"yui_3_17_2_1_1768412323978_23249\"><span id=\"yui_3_17_2_1_1768412323978_23250\" style=\"color: #000000;\">C\u00f3mo Citar una Normativa en un Texto<\/span><\/li>\r\n<li id=\"yui_3_17_2_1_1768412323978_23251\"><span id=\"yui_3_17_2_1_1768412323978_23252\" style=\"color: #000000;\">Grupos Legales Relacionados a la Seguridad e Higiene en el Trabajo<\/span><\/li>\r\n<li id=\"yui_3_17_2_1_1768412323978_23253\"><span id=\"yui_3_17_2_1_1768412323978_23254\" style=\"color: #000000;\">Antecedentes Normativos<\/span><\/li>\r\n<li id=\"yui_3_17_2_1_1768412323978_23255\"><span id=\"yui_3_17_2_1_1768412323978_23256\" style=\"color: #000000;\">Organizaci\u00f3n del Decreto 351\/79<\/span><\/li>\r\n<li id=\"yui_3_17_2_1_1768412323978_23257\"><span id=\"yui_3_17_2_1_1768412323978_23258\" style=\"color: #000000;\">Contexto Hist\u00f3rico<\/span><\/li>\r\n<li id=\"yui_3_17_2_1_1768412323978_23259\"><span id=\"yui_3_17_2_1_1768412323978_23260\" style=\"color: #000000;\">Derivaciones a Otras Normas Legales del Decreto 351\/79<\/span><\/li>\r\n<li id=\"yui_3_17_2_1_1768412323978_23261\"><span id=\"yui_3_17_2_1_1768412323978_23262\" style=\"color: #000000;\">Considerandos del Decreto<\/span><\/li>\r\n<li id=\"yui_3_17_2_1_1768412323978_23263\"><span id=\"yui_3_17_2_1_1768412323978_23264\" style=\"color: #000000;\">An\u00e1lisis de los Primeros Cuatro Art\u00edculos<\/span><\/li>\r\n<li id=\"yui_3_17_2_1_1768412323978_23265\"><span style=\"color: #000000;\">An\u00e1lisis Anexo I. T\u00edtulo I. Cap\u00edtulo 1<\/span><\/li>\r\n<li id=\"yui_3_17_2_1_1768412323978_23266\"><span id=\"yui_3_17_2_1_1768412323978_23267\" style=\"color: #000000;\">An\u00e1lisis Anexo I. T\u00edtulo II. Decreto 1.338\/96<\/span><\/li>\r\n<li id=\"yui_3_17_2_1_1768412323978_23268\"><span id=\"yui_3_17_2_1_1768412323978_23269\" style=\"color: #000000;\">An\u00e1lisis Anexo I. T\u00edtulo III. Cap\u00edtulo 5<\/span><\/li>\r\n<li id=\"yui_3_17_2_1_1768412323978_23270\"><span id=\"yui_3_17_2_1_1768412323978_23271\" style=\"color: #000000;\">An\u00e1lisis Anexo I. T\u00edtulo III. Cap\u00edtulo 6<\/span><\/li>\r\n<li id=\"yui_3_17_2_1_1768412323978_23272\"><span id=\"yui_3_17_2_1_1768412323978_23273\" style=\"color: #000000;\">An\u00e1lisis Anexo I. T\u00edtulo III. Cap\u00edtulo 7<\/span><\/li>\r\n<!-- \/wp:list-item --><\/ul>\r\n<p><span style=\"color: #000000;\"><!-- \/wp:list -->\r\n\r\n<!-- wp:paragraph --><\/span><\/p>\r\n<p><span style=\"text-decoration: underline; color: #000000;\"><strong>Docente y Moderador de la Sala<\/strong><\/span><\/p>\r\n<p><span style=\"color: #000000;\"><!-- \/wp:paragraph -->\r\n\r\n<!-- wp:paragraph --><\/span><\/p>\r\n<p><span style=\"color: #000000;\">Ing. N\u00e9stor Adolfo BOTTA. Consultas a\u00a0nestor.botta@redproteger.com.ar<\/span><\/p>\r\n<p><span style=\"color: #000000;\"><!-- \/wp:paragraph -->\r\n\r\n<!-- wp:paragraph --><\/span><\/p>\r\n<p><span style=\"text-decoration: underline; color: #000000;\"><strong>Modalidad<\/strong><\/span><\/p>\r\n<p><span style=\"color: #000000;\"><!-- \/wp:paragraph -->\r\n\r\n<!-- wp:paragraph --><\/span><\/p>\r\n<p><span style=\"color: #000000;\">El curso es del tipo virtual a distancia asincr\u00f3nico. Se puede ingresar al sal\u00f3n virtual en el momento que el alumno disponga de tiempo. No hay limitaciones de tiempo dentro del plazo para la culminaci\u00f3n del curso.<\/span><\/p>\r\n<p><span style=\"color: #000000;\"><!-- \/wp:paragraph -->\r\n\r\n<!-- wp:paragraph --><\/span><\/p>\r\n<p><span style=\"color: #000000;\">Se entrega material de lectura digital.<\/span><\/p>\r\n<p><span style=\"color: #000000;\"><!-- \/wp:paragraph -->\r\n\r\n<!-- wp:paragraph --><\/span><\/p>\r\n<p><span style=\"color: #000000;\">Se emite certificado de aprobado digital cuando se cumplan todas las actividades con una nota mayor a 6\/10.<\/span><\/p>\r\n<p><span style=\"color: #000000;\"><!-- \/wp:paragraph -->\r\n\r\n<!-- wp:paragraph --><\/span><\/p>\r\n<p><span style=\"text-decoration: underline; color: #000000;\"><strong>Ingreso a la Sala Virtual<\/strong><\/span><\/p>\r\n<p><span style=\"color: #000000;\"><!-- \/wp:paragraph -->\r\n\r\n<!-- wp:paragraph --><\/span><\/p>\r\n<p><span style=\"color: #000000;\">Una vez acreditado el pago, ser\u00e1 enviado en forma inmediata un email con las instrucciones y la clave de matriculaci\u00f3n para acceder a la Sala, para lo cual se deber\u00e1 realizar el registro en <a style=\"color: #000000;\" href=\"http:\/\/www.salavirtual.com.ar\">www.salavirtual.com.ar<\/a>.<\/span><\/p>\r\n<p><span style=\"color: #000000;\"><!-- \/wp:paragraph -->\r\n\r\n<!-- wp:paragraph --><!-- \/wp:paragraph -->\r\n\r\n<!-- wp:paragraph --><\/span><\/p>\r\n<p><span style=\"text-decoration: underline; color: #000000;\"><strong>Sobre la Facturaci\u00f3n<\/strong><\/span><\/p>\r\n<p><span style=\"color: #000000;\"><!-- \/wp:paragraph -->\r\n\r\n<!-- wp:paragraph --><\/span><\/p>\r\n<p><span style=\"color: #000000;\">Se emite factura tipo \u00abC\u00bb.<\/span><\/p>\r\n<p><span style=\"color: #000000;\">Opci\u00f3n de abonar en D\u00f3lares v\u00eda <strong><em>Paypal<\/em><\/strong> para los que no pueden abonar en pesos argentinos (solicitar link de pago a <a style=\"color: #000000;\" href=\"mailto:info@salavirtual.com.ar\">info@salavirtual.com.ar<\/a>).<\/span><\/p>\r\n<!-- \/wp:paragraph -->\r\n\r\n<!-- wp:paragraph -->","protected":false},"excerpt":{"rendered":"<p>El curso tiene por objetivo que el alumno comprenda el decreto 351\/79 (cap\u00edtulos 1 al 7) reglamentario de la ley nacional de higiene y seguridad en el trabajo Ley 19.587 de la Rep\u00fablica Argentina.<\/p>\n","protected":false},"featured_media":1152,"comment_status":"open","ping_status":"closed","template":"","meta":{"jetpack_publicize_message":"","jetpack_publicize_feature_enabled":true,"jetpack_social_post_already_shared":true,"jetpack_social_options":{"image_generator_settings":{"template":"highway","default_image_id":0,"font":"","enabled":false},"version":2}},"product_brand":[414],"product_cat":[396],"product_tag":[442],"class_list":{"0":"post-1083","1":"product","2":"type-product","3":"status-publish","4":"has-post-thumbnail","6":"product_brand-redproteger","7":"product_cat-legislacion","8":"product_tag-decreto-351-79","10":"first","11":"instock","12":"virtual","13":"sold-individually","14":"purchasable","15":"product-type-simple"},"jetpack_publicize_connections":[],"jetpack_sharing_enabled":true,"jetpack_likes_enabled":true,"_links":{"self":[{"href":"https:\/\/www.salavirtual.com.ar\/plataformaz\/wp-json\/wp\/v2\/product\/1083","targetHints":{"allow":["GET"]}}],"collection":[{"href":"https:\/\/www.salavirtual.com.ar\/plataformaz\/wp-json\/wp\/v2\/product"}],"about":[{"href":"https:\/\/www.salavirtual.com.ar\/plataformaz\/wp-json\/wp\/v2\/types\/product"}],"replies":[{"embeddable":true,"href":"https:\/\/www.salavirtual.com.ar\/plataformaz\/wp-json\/wp\/v2\/comments?post=1083"}],"wp:featuredmedia":[{"embeddable":true,"href":"https:\/\/www.salavirtual.com.ar\/plataformaz\/wp-json\/wp\/v2\/media\/1152"}],"wp:attachment":[{"href":"https:\/\/www.salavirtual.com.ar\/plataformaz\/wp-json\/wp\/v2\/media?parent=1083"}],"wp:term":[{"taxonomy":"product_brand","embeddable":true,"href":"https:\/\/www.salavirtual.com.ar\/plataformaz\/wp-json\/wp\/v2\/product_brand?post=1083"},{"taxonomy":"product_cat","embeddable":true,"href":"https:\/\/www.salavirtual.com.ar\/plataformaz\/wp-json\/wp\/v2\/product_cat?post=1083"},{"taxonomy":"product_tag","embeddable":true,"href":"https:\/\/www.salavirtual.com.ar\/plataformaz\/wp-json\/wp\/v2\/product_tag?post=1083"}],"curies":[{"name":"wp","href":"https:\/\/api.w.org\/{rel}","templated":true}]}}